{"id":6085,"date":"2025-10-16T11:45:50","date_gmt":"2025-10-16T08:45:50","guid":{"rendered":"http:\/\/www.tukenmezkitap.com\/kitap\/gurbette-gecen-bin-bahar-recep-sezer"},"modified":"2025-10-16T11:45:50","modified_gmt":"2025-10-16T08:45:50","slug":"gurbette-gecen-bin-bahar-recep-sezer","status":"publish","type":"product","link":"https:\/\/www.tukenmezkitap.com\/en\/kitap\/gurbette-gecen-bin-bahar-recep-sezer","title":{"rendered":"Gurbette Ge\u00e7en Bin Bahar &#8211; Recep Sezer"},"content":{"rendered":"<p>Kur\u2019an\u2019\u0131n ilk ayetleri \u201cOku!\u201d ifadesi ile ba\u015flamaktad\u0131r. \u0130nsanl\u0131\u011f\u0131n en karanl\u0131k \u00e7a\u011f\u0131nda en \u00e7ok ihtiya\u00e7 duydu\u011fu \u015feyi, Y\u00fcce Allah Kur\u2019an\u2019\u0131n ilk ayetinin ilk kelimesinde bizlere g\u00f6steriyor. Okumak\u2026Kalemle yaz\u0131lan\u0131 ve yaz\u0131lamayan\u0131 okumak\u2026 B\u00fct\u00fcn bu okuma eyleminin muhtevas\u0131 i\u00e7inde en kolay olan\u0131; seslerin harflere d\u00f6n\u00fc\u015ft\u00fc\u011f\u00fc, manalar\u0131n sembolle\u015fti\u011fi dili olu\u015fturmak, onu \u00e7\u00f6zmek, yazmak ve yaz\u0131lan\u0131 anlamak olsa gerektir. Peki ya yaz\u0131lamayan, sembollere, harflere, \u015fekillere d\u00f6n\u00fc\u015ft\u00fcr\u00fclemeyen derin anlam y\u00fckl\u00fc tabiat\u0131, duygular\u0131, ya\u015famlar\u0131 ve di\u011fer canl\u0131lar\u0131 nas\u0131l okumal\u0131y\u0131z? Bu okumalar sonucunda ne hissetmeliyiz? Belki de modern insan\u0131n her ge\u00e7en g\u00fcn kendi kabu\u011funa \u00e7ekilerek yaln\u0131zla\u015fmas\u0131n\u0131n, bencille\u015fmesinin alt\u0131nda empatiden uzak, menfaate d\u00f6n\u00fck okuma anlay\u0131\u015f\u0131 yatmaktad\u0131r. Bu ba\u011flamda okuma fiili kadar neyin okunaca\u011f\u0131, nas\u0131l okunaca\u011f\u0131 b\u00fcy\u00fck \u00f6nem arz etmektedir. Ne yaz\u0131k ki bilginin hikmete d\u00f6n\u00fc\u015femedi\u011fi sek\u00fcler d\u00fcnya, Hz. Muhammed (SAV)\u2019e, Nur Da\u011f\u0131\u2019n\u0131n Hira Ma\u011faras\u0131\u2019nda nazil olan \u201cOku!\u201c emrinin indi\u011fi cahiliye d\u00f6nemini ya\u015famaya devam etmektedir.<\/p>\n<p>B\u00fct\u00fcn okumalar\u0131m\u0131z\u0131n Oku! emrindeki hikmeti \u00e7\u00f6zmeye, idrak etmeye, ya\u015famaya dair olmas\u0131 dile\u011fi ile&#8230;<\/p>","protected":false},"excerpt":{"rendered":"<p>Kur\u2019an\u2019\u0131n ilk ayetleri \u201cOku!\u201d ifadesi ile ba\u015flamaktad\u0131r. \u0130nsanl\u0131\u011f\u0131n en karanl\u0131k \u00e7a\u011f\u0131nda en \u00e7ok ihtiya\u00e7 duydu\u011fu \u015feyi, Y\u00fcce Allah Kur\u2019an\u2019\u0131n ilk ayetinin ilk kelimesinde bizlere g\u00f6steriyor. Okumak\u2026Kalemle yaz\u0131lan\u0131 ve yaz\u0131lamayan\u0131 okumak\u2026 B\u00fct\u00fcn bu okuma eyleminin muhtevas\u0131 i\u00e7inde en kolay olan\u0131; seslerin harflere d\u00f6n\u00fc\u015ft\u00fc\u011f\u00fc, manalar\u0131n sembolle\u015fti\u011fi dili olu\u015fturmak, onu \u00e7\u00f6zmek, yazmak ve yaz\u0131lan\u0131 anlamak olsa gerektir. Peki [&hellip;]<\/p>\n","protected":false},"featured_media":4596,"comment_status":"closed","ping_status":"open","template":"","meta":{"inline_featured_image":false},"product_cat":[657],"product_tag":[],"class_list":{"0":"post-6085","1":"product","2":"type-product","3":"status-publish","4":"has-post-thumbnail","6":"product_cat-oyku","7":"pa_boyut-135-x-195-cm","8":"pa_dil-turkce","9":"pa_sayfa-sayisi-946","10":"pa_yayin-tarihi-8-22-2024","11":"pa_yazar-recep-sezer","13":"first","14":"instock","15":"sale","16":"purchasable","17":"product-type-simple"},"_links":{"self":[{"href":"https:\/\/www.tukenmezkitap.com\/en\/wp-json\/wp\/v2\/product\/6085","targetHints":{"allow":["GET"]}}],"collection":[{"href":"https:\/\/www.tukenmezkitap.com\/en\/wp-json\/wp\/v2\/product"}],"about":[{"href":"https:\/\/www.tukenmezkitap.com\/en\/wp-json\/wp\/v2\/types\/product"}],"replies":[{"embeddable":true,"href":"https:\/\/www.tukenmezkitap.com\/en\/wp-json\/wp\/v2\/comments?post=6085"}],"wp:featuredmedia":[{"embeddable":true,"href":"https:\/\/www.tukenmezkitap.com\/en\/wp-json\/wp\/v2\/media\/4596"}],"wp:attachment":[{"href":"https:\/\/www.tukenmezkitap.com\/en\/wp-json\/wp\/v2\/media?parent=6085"}],"wp:term":[{"taxonomy":"product_cat","embeddable":true,"href":"https:\/\/www.tukenmezkitap.com\/en\/wp-json\/wp\/v2\/product_cat?post=6085"},{"taxonomy":"product_tag","embeddable":true,"href":"https:\/\/www.tukenmezkitap.com\/en\/wp-json\/wp\/v2\/product_tag?post=6085"}],"curies":[{"name":"wp","href":"https:\/\/api.w.org\/{rel}","templated":true}]}}