{"id":6476,"date":"2025-10-16T11:58:36","date_gmt":"2025-10-16T08:58:36","guid":{"rendered":"http:\/\/www.tukenmezkitap.com\/kitap\/seni-gorunce-kalbime-bir-siirler-oluyor-nazim-koyce"},"modified":"2025-10-16T11:58:54","modified_gmt":"2025-10-16T08:58:54","slug":"seni-gorunce-kalbime-bir-siirler-oluyor-nazim-koyce","status":"publish","type":"product","link":"https:\/\/www.tukenmezkitap.com\/en\/kitap\/seni-gorunce-kalbime-bir-siirler-oluyor-nazim-koyce","title":{"rendered":"Seni G\u00f6r\u00fcnce Kalbime Bir \u015eiirler Oluyor &#8211; Naz\u0131m K\u00f6yce"},"content":{"rendered":"","protected":false},"excerpt":{"rendered":"<p>De\u011ferlere sahip \u00e7\u0131kan, hayat\u0131n i\u00e7inden bize dair duygular\u0131 yans\u0131tan, unutulan\u0131 hat\u0131rlatan, ezber bozan \u015fair. Naz\u0131m K\u00f6yce, a\u015fk\u0131n dilini \u00e7ok g\u00fczel anlatm\u0131\u015f \u015fiirlerinde\u2026 A\u015fk\u0131n bir dili oldu\u011funa inananlara bu kitap\u2026 A\u015fka dair, ya\u015fama dair. Devam\u0131n\u0131 bekleyece\u011fim.<br \/>\n&#8211; Seslendirme Sanat\u00e7\u0131s\u0131 Berna ATALAY<\/p>\n<p>Dostumun g\u00fczel y\u00fcre\u011finden d\u00f6k\u00fclen na\u011fmelerin t\u00fcm kalplere terc\u00fcman olaca\u011f\u0131ndan eminim. \u015eiirlerimi bir kitap haline getirmemde yard\u0131mc\u0131 olan can dostum Naz\u0131m K\u00f6yce\u2019nin bu kitab\u0131n\u0131 g\u00f6n\u00fclden destekliyorum. Edebiyat d\u00fcnyas\u0131n\u0131n senin gibi g\u00fc\u00e7l\u00fc kalemlere ihtiyac\u0131 var. Ba\u015far\u0131lar\u0131n\u0131n devam\u0131n\u0131 diliyorum.<br \/>\n&#8211; \u015eair Hasan YILDIRIM<\/p>\n<p>Bu eseri okurken titremeyecek bir y\u00fcrek olaca\u011f\u0131n\u0131 zannetmiyorum. Beni k\u00fc\u00e7\u00fck numuneleri dahi \u00e7ok heyecanland\u0131rm\u0131\u015ft\u0131. Sat\u0131rlar\u0131na merhameti, sevgiyi, a\u015fk\u0131, insanl\u0131\u011f\u0131 ve de kullu\u011fu kelime kelime nak\u015feden kalem ehli Naz\u0131m K\u00f6yce yolunuz a\u00e7\u0131k olsun.<br \/>\n&#8211; Yazar ve \u015fair G\u00fclnihal Baki Akg\u00fcnd\u00fcz<\/p>\n<p>Kendine has tarz\u0131yla gizemli kaleminin m\u00fcrekkebini t\u00fcm g\u00f6n\u00fcllere ak\u0131tan de\u011ferli \u015fairimiz N\u00e2z\u0131m K\u00f6yce Beyefendi bir miras\u0131na hayat\u0131n \u00f6zetini y\u00fckleyebilen ender kalemlerimizdendir.<br \/>\n&#8211; Yazar ve \u015fair Song\u00fcl ACAR<\/p>\n<p>Pek \u00e7ok sanat\u00e7\u0131ya atfedilen ancak ilk olarak 1972 y\u0131l\u0131nda Roger Miller taraf\u0131ndan dillendirilmi\u015f gibi g\u00f6z\u00fcken bir s\u00f6z vard\u0131r: \u201dBaz\u0131lar\u0131 ya\u011fmuru hisseder, baz\u0131lar\u0131ysa sadece \u0131slan\u0131r.\u201d Naz\u0131m K\u00f6yce hissederek ya\u015fayan ve hissetti\u011fini ustaca kaleme alan biri. \u201cSeni G\u00f6r\u00fcnce Kalbime Bir \u015eiirler Oluyor\u201d kitab\u0131 ile edebiyatta hak etti\u011fi yeri almas\u0131 dile\u011fiyle.<br \/>\n&#8211; Edit\u00f6r ve \u015fair Dilek AYRIBA\u015e<\/p>\n<p>Ne uzun c\u00fcmledir \u015fu \u00f6zlemek: Sus sus bitmiyor\u2026\u201d<br \/>\nNaz\u0131m K\u00f6yce<\/p>","protected":false},"featured_media":6477,"comment_status":"closed","ping_status":"open","template":"","meta":{"inline_featured_image":false},"product_cat":[1020,1019],"product_tag":[],"class_list":{"0":"post-6476","1":"product","2":"type-product","3":"status-publish","4":"has-post-thumbnail","6":"product_cat-siir","7":"product_cat-edebiyat","8":"pa_boyut-135-x-195-cm","9":"pa_dil-turkce","10":"pa_sayfa-sayisi-572","11":"pa_yayin-tarihi-4-9-2021","12":"pa_yazar-nazim-koyce","14":"first","15":"instock","16":"sale","17":"purchasable","18":"product-type-simple"},"_links":{"self":[{"href":"https:\/\/www.tukenmezkitap.com\/en\/wp-json\/wp\/v2\/product\/6476","targetHints":{"allow":["GET"]}}],"collection":[{"href":"https:\/\/www.tukenmezkitap.com\/en\/wp-json\/wp\/v2\/product"}],"about":[{"href":"https:\/\/www.tukenmezkitap.com\/en\/wp-json\/wp\/v2\/types\/product"}],"replies":[{"embeddable":true,"href":"https:\/\/www.tukenmezkitap.com\/en\/wp-json\/wp\/v2\/comments?post=6476"}],"wp:featuredmedia":[{"embeddable":true,"href":"https:\/\/www.tukenmezkitap.com\/en\/wp-json\/wp\/v2\/media\/6477"}],"wp:attachment":[{"href":"https:\/\/www.tukenmezkitap.com\/en\/wp-json\/wp\/v2\/media?parent=6476"}],"wp:term":[{"taxonomy":"product_cat","embeddable":true,"href":"https:\/\/www.tukenmezkitap.com\/en\/wp-json\/wp\/v2\/product_cat?post=6476"},{"taxonomy":"product_tag","embeddable":true,"href":"https:\/\/www.tukenmezkitap.com\/en\/wp-json\/wp\/v2\/product_tag?post=6476"}],"curies":[{"name":"wp","href":"https:\/\/api.w.org\/{rel}","templated":true}]}}