{"id":6854,"date":"2025-10-16T12:06:55","date_gmt":"2025-10-16T09:06:55","guid":{"rendered":"http:\/\/www.tukenmezkitap.com\/kitap\/yatmak-mi-kacmak-mi-sen-soyle-icimdeki-ses-adnan-baydas"},"modified":"2025-10-16T12:07:36","modified_gmt":"2025-10-16T09:07:36","slug":"yatmak-mi-kacmak-mi-sen-soyle-icimdeki-ses-adnan-baydas","status":"publish","type":"product","link":"https:\/\/www.tukenmezkitap.com\/en\/kitap\/yatmak-mi-kacmak-mi-sen-soyle-icimdeki-ses-adnan-baydas","title":{"rendered":"Yatmak M\u0131? Ka\u00e7mak M\u0131? Sen S\u00f6yle &#8211; \u0130\u00e7imdeki Ses &#8211; Adnan Bayda\u015f"},"content":{"rendered":"<p>Bizim tabur \u00fc\u00e7 b\u00f6l\u00fckd\u00fc. Karab\u00fck Demir\u00e7elik Fabrikas\u0131&#8217;n\u0131n tam kar\u015f\u0131s\u0131ndayd\u0131. Gece fabrika bacalar\u0131ndan inan\u0131lmaz bir ate\u015f y\u00fckselirdi. Biz do\u011frudan Safranbolu alay\u0131na ba\u011fl\u0131yd\u0131k. B\u00f6l\u00fc\u011f\u00fcm\u00fcz \u00e7ok g\u00fczel olsa da her tarafda fabrikan\u0131n zehirli dumanlar\u0131 hissediliyordu. Ben hem ASK (Askeri Silah Kullanamaz) hem de PDRM\u2019li (Psikolojik Dan\u0131\u015fma ve Rehberlik Merkezi) hem de gazi \u00e7ocu\u011fuydum. Bizim b\u00f6l\u00fc\u011f\u00fcn hepsi toplamayd\u0131. Sab\u0131kal\u0131 oldu\u011fumuz i\u00e7in \u00fczerimize fazla gelmiyorlar ve s\u00fcrekli kontrol alt\u0131nda tutuyorlard\u0131. Elime eski SSK c\u00fczdanlar\u0131 gibi bir \u015fey vermi\u015fler, i\u00e7inde bizimle ilgili \u00f6zet yazm\u0131\u015flard\u0131 ancak yemin t\u00f6renine kadar bizleri \u00e7ok rahat b\u0131rakm\u0131\u015f ve el \u00fcst\u00fcnde tutmu\u015flard\u0131. Ko\u011fu\u015fumuz \u00e7ok g\u00fczeldi; bir bak\u0131ma hapishaneyi and\u0131r\u0131yordu. Aradaki fark biraz daha disiplinli olmas\u0131yd\u0131. Ancak kendimi fi\u015flenmi\u015f gibi hissediyordum. Zaten b\u00f6l\u00fc\u011f\u00fcn b\u00fcy\u00fck \u00e7o\u011funlu\u011fu RDM\u2019li idi. Askerde buna Rahat\u0131na D\u00fc\u015fk\u00fcn Mehmet\u00e7ik derlerdi ama ger\u00e7ekte Rehabilitasyon Dan\u0131\u015fma Merkezi\u2019ne giden demekti. Kendini kesen, d\u00f6vme yapan ya da sorunlu b\u00fct\u00fcn askerlere bunu yap\u0131yorlard\u0131. Do\u011fru gibi g\u00f6r\u00fcnse de sa\u00e7ma bir uygulamayd\u0131. \u00c7\u00fcnk\u00fc bu t\u00fcr askerleri n\u00f6bet tutma ya da herhangi bir \u00e7al\u0131\u015fmada muaf tutuyorlard\u0131. Ben buna itiraz ettim. RDM doktoru bir astte\u011fmendi; yan\u0131na \u00e7\u0131kt\u0131m. Benim gazi \u00e7ocu\u011fu oldu\u011fumu, RDM diye bir fi\u015flemeyi kabul edemeyece\u011fimi, v\u00fccudumda herhangi bir d\u00f6vme ya da kesi\u011fin olmad\u0131\u011f\u0131n\u0131 s\u00f6yledim. Komutan sivil giyinmi\u015f olsa da ger\u00e7ekte bir komutand\u0131. Bana RDM\u2019li olmam\u0131n beni rahatlataca\u011f\u0131n\u0131, ba\u015fka kimselerle problem ya\u015famayaca\u011f\u0131m\u0131 s\u00f6yledi ama ben zaten mahkum oldu\u011fum i\u00e7in fi\u015flenmi\u015ftim ve kontrol alt\u0131ndayd\u0131m. Benim i\u00e7in b\u00f6yle bir uygulamaya gerek yoktu. Beni RDM uygulamas\u0131ndan kald\u0131rd\u0131lar ama yine de verdikleri 16 posta, hepsi RDM\u2019li idi yani Rahat\u0131na D\u00fc\u015fk\u00fcn Mehmet\u00e7ik.<\/p>","protected":false},"excerpt":{"rendered":"<p>Bizim tabur \u00fc\u00e7 b\u00f6l\u00fckd\u00fc. Karab\u00fck Demir\u00e7elik Fabrikas\u0131&#8217;n\u0131n tam kar\u015f\u0131s\u0131ndayd\u0131. Gece fabrika bacalar\u0131ndan inan\u0131lmaz bir ate\u015f y\u00fckselirdi. Biz do\u011frudan Safranbolu alay\u0131na ba\u011fl\u0131yd\u0131k. B\u00f6l\u00fc\u011f\u00fcm\u00fcz \u00e7ok g\u00fczel olsa da her tarafda fabrikan\u0131n zehirli dumanlar\u0131 hissediliyordu. Ben hem ASK (Askeri Silah Kullanamaz) hem de PDRM\u2019li (Psikolojik Dan\u0131\u015fma ve Rehberlik Merkezi) hem de gazi \u00e7ocu\u011fuydum. Bizim b\u00f6l\u00fc\u011f\u00fcn hepsi toplamayd\u0131. Sab\u0131kal\u0131 [&hellip;]<\/p>\n","protected":false},"featured_media":6855,"comment_status":"closed","ping_status":"open","template":"","meta":{"inline_featured_image":false},"product_cat":[1083,1019],"product_tag":[],"class_list":{"0":"post-6854","1":"product","2":"type-product","3":"status-publish","4":"has-post-thumbnail","6":"product_cat-ani","7":"product_cat-edebiyat","8":"pa_boyut-135-x-195-cm","9":"pa_dil-turkce","10":"pa_sayfa-sayisi-1467","11":"pa_yayin-tarihi-1-22-2024","12":"pa_yazar-adnan-baydas","14":"first","15":"instock","16":"sale","17":"purchasable","18":"product-type-simple"},"_links":{"self":[{"href":"https:\/\/www.tukenmezkitap.com\/en\/wp-json\/wp\/v2\/product\/6854","targetHints":{"allow":["GET"]}}],"collection":[{"href":"https:\/\/www.tukenmezkitap.com\/en\/wp-json\/wp\/v2\/product"}],"about":[{"href":"https:\/\/www.tukenmezkitap.com\/en\/wp-json\/wp\/v2\/types\/product"}],"replies":[{"embeddable":true,"href":"https:\/\/www.tukenmezkitap.com\/en\/wp-json\/wp\/v2\/comments?post=6854"}],"wp:featuredmedia":[{"embeddable":true,"href":"https:\/\/www.tukenmezkitap.com\/en\/wp-json\/wp\/v2\/media\/6855"}],"wp:attachment":[{"href":"https:\/\/www.tukenmezkitap.com\/en\/wp-json\/wp\/v2\/media?parent=6854"}],"wp:term":[{"taxonomy":"product_cat","embeddable":true,"href":"https:\/\/www.tukenmezkitap.com\/en\/wp-json\/wp\/v2\/product_cat?post=6854"},{"taxonomy":"product_tag","embeddable":true,"href":"https:\/\/www.tukenmezkitap.com\/en\/wp-json\/wp\/v2\/product_tag?post=6854"}],"curies":[{"name":"wp","href":"https:\/\/api.w.org\/{rel}","templated":true}]}}