{"id":6982,"date":"2025-10-16T12:10:41","date_gmt":"2025-10-16T09:10:41","guid":{"rendered":"http:\/\/www.tukenmezkitap.com\/kitap\/serzenisler-iskelesi-emirhan-kara"},"modified":"2025-10-16T12:11:39","modified_gmt":"2025-10-16T09:11:39","slug":"serzenisler-iskelesi-emirhan-kara","status":"publish","type":"product","link":"https:\/\/www.tukenmezkitap.com\/en\/kitap\/serzenisler-iskelesi-emirhan-kara","title":{"rendered":"Serzeni\u015fler \u0130skelesi &#8211; Emirhan Kara"},"content":{"rendered":"<p>Ba\u015flar\u0131nda hangi hik\u00e2yenin bitece\u011finin fark\u0131ndayd\u0131k ki?<br \/>\nOlsak bile derinlerimizde gizledik o kalp yoran d\u00fc\u015f\u00fcnceyi.<br \/>\nSonu gelmeyecekmi\u015f gibi doya doya ya\u015fad\u0131k gen\u00e7lik maceralar\u0131m\u0131z\u0131.<br \/>\n\u015eehir \u015fehir gezdik de bir iskelede oturup seyre dald\u0131k masmavi denizi.<br \/>\nElinizde seyreden kitapta, iskeleli bir gencin incilerini, serzeni\u015flerini, i\u00e7inde tuta tuta kendini germelerini derledi\u011fi denemesi.<br \/>\nKahvenin yan\u0131nda verilen, tablet \u00e7ikolata tad\u0131ndaki ilk serzeni\u015fi.<\/p>","protected":false},"excerpt":{"rendered":"<p>Ba\u015flar\u0131nda hangi hik\u00e2yenin bitece\u011finin fark\u0131ndayd\u0131k ki? Olsak bile derinlerimizde gizledik o kalp yoran d\u00fc\u015f\u00fcnceyi. Sonu gelmeyecekmi\u015f gibi doya doya ya\u015fad\u0131k gen\u00e7lik maceralar\u0131m\u0131z\u0131. \u015eehir \u015fehir gezdik de bir iskelede oturup seyre dald\u0131k masmavi denizi. Elinizde seyreden kitapta, iskeleli bir gencin incilerini, serzeni\u015flerini, i\u00e7inde tuta tuta kendini germelerini derledi\u011fi denemesi. Kahvenin yan\u0131nda verilen, tablet \u00e7ikolata tad\u0131ndaki ilk [&hellip;]<\/p>\n","protected":false},"featured_media":6983,"comment_status":"closed","ping_status":"open","template":"","meta":{"inline_featured_image":false},"product_cat":[1024,1019],"product_tag":[],"class_list":{"0":"post-6982","1":"product","2":"type-product","3":"status-publish","4":"has-post-thumbnail","6":"product_cat-deneme","7":"product_cat-edebiyat","8":"pa_boyut-135-x-195-cm","9":"pa_dil-turkce","10":"pa_sayfa-sayisi-1142","11":"pa_yayin-tarihi-8-9-2024","12":"pa_yazar-emirhan-kara","14":"first","15":"instock","16":"sale","17":"purchasable","18":"product-type-simple"},"_links":{"self":[{"href":"https:\/\/www.tukenmezkitap.com\/en\/wp-json\/wp\/v2\/product\/6982","targetHints":{"allow":["GET"]}}],"collection":[{"href":"https:\/\/www.tukenmezkitap.com\/en\/wp-json\/wp\/v2\/product"}],"about":[{"href":"https:\/\/www.tukenmezkitap.com\/en\/wp-json\/wp\/v2\/types\/product"}],"replies":[{"embeddable":true,"href":"https:\/\/www.tukenmezkitap.com\/en\/wp-json\/wp\/v2\/comments?post=6982"}],"wp:featuredmedia":[{"embeddable":true,"href":"https:\/\/www.tukenmezkitap.com\/en\/wp-json\/wp\/v2\/media\/6983"}],"wp:attachment":[{"href":"https:\/\/www.tukenmezkitap.com\/en\/wp-json\/wp\/v2\/media?parent=6982"}],"wp:term":[{"taxonomy":"product_cat","embeddable":true,"href":"https:\/\/www.tukenmezkitap.com\/en\/wp-json\/wp\/v2\/product_cat?post=6982"},{"taxonomy":"product_tag","embeddable":true,"href":"https:\/\/www.tukenmezkitap.com\/en\/wp-json\/wp\/v2\/product_tag?post=6982"}],"curies":[{"name":"wp","href":"https:\/\/api.w.org\/{rel}","templated":true}]}}